{"id":169,"date":"2018-06-23T19:03:40","date_gmt":"2018-06-23T17:03:40","guid":{"rendered":"http:\/\/amc77.org\/?page_id=169"},"modified":"2020-06-12T14:29:10","modified_gmt":"2020-06-12T12:29:10","slug":"benedicte-rostaing-harpe","status":"publish","type":"page","link":"https:\/\/amc77.org\/index.php\/benedicte-rostaing-harpe\/","title":{"rendered":"B\u00e9n\u00e9dicte ROSTAING, harpe"},"content":{"rendered":"\n<h2 class=\"has-text-align-center has-medium-font-size wp-block-heading\"><strong>B\u00e9n\u00e9dicte Rostaing, harpe<\/strong><\/h2>\n\n\n<p>Elle commence la harpe avec Huguette G\u00e9liot au Conservatoire de Fontainebleau, o\u00f9 elle est d\u00e9sormais professeur (depuis 2015). Apr\u00e8s ses Premiers Prix de Harpe et de Musique de Chambre du Conservatoire National Sup\u00e9rieur de Musique de Paris et son cycle de perfectionnement au Conservatoire Royal de Musique de Bruxelles, elle est laur\u00e9ate de plusieurs concours internationaux dont le Premier Grand Prix du 8\u00e8me Concours International de Harpe du Japon et le Premier Prix et Prix Sp\u00e9cial de la S.A.C.E.M. du 7\u00e8me Concours International de la Fondation Louise Charpentier. Partenaire r\u00e9guli\u00e8re des solistes de l\u2019Orchestre de Paris, elle est directrice artistique de l\u2019ensemble de harpes Mille &amp; Une cordes et Pr\u00e9sidente du Concours International de harpe Martine G\u00e9liot-Jeunes Talents.<\/p>\n<p><strong>2019-2020 &#8211; La Chanson des Restos du Coeur : <\/strong><a href=\"https:\/\/www.youtube.com\/watch?v=O7hf3zL0HSU\">https:\/\/www.youtube.com\/watch?v=O7hf3zL0HSU<\/a><\/p>\n<p><a href=\"http:\/\/www.benedicterostaing.com\" data-auth=\"NotApplicable\">www.benedicterostaing.com<\/a><\/p>\n<p><a href=\"https:\/\/www.facebook.com\/Milleetunecordes\/\" data-auth=\"NotApplicable\">https:\/\/www.facebook.com\/Milleetunecordes\/<\/a><\/p>","protected":false},"excerpt":{"rendered":"<p>B\u00e9n\u00e9dicte Rostaing, harpe Elle commence la harpe avec Huguette G\u00e9liot au Conservatoire de Fontainebleau, o\u00f9 elle est d\u00e9sormais professeur (depuis 2015). Apr\u00e8s ses Premiers Prix de Harpe et de Musique de Chambre du Conservatoire National Sup\u00e9rieur de Musique de Paris et son cycle de perfectionnement au Conservatoire Royal de Musique de Bruxelles, elle est laur\u00e9ate &hellip; <a href=\"https:\/\/amc77.org\/index.php\/benedicte-rostaing-harpe\/\" class=\"more-link\">Continuer la lecture<span class=\"screen-reader-text\"> de &laquo;&nbsp;B\u00e9n\u00e9dicte ROSTAING, harpe&nbsp;&raquo;<\/span><\/a><\/p>\n","protected":false},"author":1,"featured_media":397,"parent":0,"menu_order":0,"comment_status":"closed","ping_status":"closed","template":"","meta":{"footnotes":""},"class_list":["post-169","page","type-page","status-publish","has-post-thumbnail","hentry"],"_links":{"self":[{"href":"https:\/\/amc77.org\/index.php\/wp-json\/wp\/v2\/pages\/169","targetHints":{"allow":["GET"]}}],"collection":[{"href":"https:\/\/amc77.org\/index.php\/wp-json\/wp\/v2\/pages"}],"about":[{"href":"https:\/\/amc77.org\/index.php\/wp-json\/wp\/v2\/types\/page"}],"author":[{"embeddable":true,"href":"https:\/\/amc77.org\/index.php\/wp-json\/wp\/v2\/users\/1"}],"replies":[{"embeddable":true,"href":"https:\/\/amc77.org\/index.php\/wp-json\/wp\/v2\/comments?post=169"}],"version-history":[{"count":11,"href":"https:\/\/amc77.org\/index.php\/wp-json\/wp\/v2\/pages\/169\/revisions"}],"predecessor-version":[{"id":1536,"href":"https:\/\/amc77.org\/index.php\/wp-json\/wp\/v2\/pages\/169\/revisions\/1536"}],"wp:featuredmedia":[{"embeddable":true,"href":"https:\/\/amc77.org\/index.php\/wp-json\/wp\/v2\/media\/397"}],"wp:attachment":[{"href":"https:\/\/amc77.org\/index.php\/wp-json\/wp\/v2\/media?parent=169"}],"curies":[{"name":"wp","href":"https:\/\/api.w.org\/{rel}","templated":true}]}}