{"id":23,"date":"2018-06-16T19:13:54","date_gmt":"2018-06-16T17:13:54","guid":{"rendered":"http:\/\/amc77.org\/?page_id=23"},"modified":"2026-04-20T11:02:33","modified_gmt":"2026-04-20T09:02:33","slug":"evenements","status":"publish","type":"page","link":"https:\/\/amc77.org\/","title":{"rendered":""},"content":{"rendered":"\n<p><\/p>\n\n\n\n<p><\/p>\n\n\n\n<p><\/p>\n\n\n\n<p><\/p>\n\n\n\n<p><\/p>\n\n\n\n<p><\/p>\n\n\n\n<p><\/p>\n\n\n\n<p><\/p>\n\n\n\n<p><\/p>\n\n\n\n<p class=\"has-text-align-center has-large-font-size\"><\/p>\n\n\n\n<p class=\"has-text-align-center has-medium-font-size\"><strong>Bonnes vacances \u00e0 tous <\/strong>!<\/p>\n\n\n\n<div class=\"wp-block-group is-nowrap is-layout-flex wp-container-core-group-is-layout-ad2f72ca wp-block-group-is-layout-flex\">\n<figure class=\"wp-block-image size-large\"><img loading=\"lazy\" decoding=\"async\" width=\"724\" height=\"1024\" src=\"https:\/\/amc77.org\/wp-content\/uploads\/2026\/04\/affiche-guinguette-724x1024.png\" alt=\"\" class=\"wp-image-2884\" srcset=\"https:\/\/amc77.org\/wp-content\/uploads\/2026\/04\/affiche-guinguette-724x1024.png 724w, https:\/\/amc77.org\/wp-content\/uploads\/2026\/04\/affiche-guinguette-212x300.png 212w, https:\/\/amc77.org\/wp-content\/uploads\/2026\/04\/affiche-guinguette.png 744w\" sizes=\"auto, (max-width: 724px) 85vw, 724px\" \/><\/figure>\n<\/div>\n\n\n\n<p class=\"has-text-align-center has-large-font-size\">\ud83c\udfb6 <strong>Rejoignez notre ensemble orchestral !<\/strong> \ud83c\udfb6<\/p>\n\n\n\n<p class=\"has-text-align-center\">Vous \u00eates musicien(ne) et souhaitez vivre une exp\u00e9rience collective enrichissante ? <\/p>\n\n\n\n<p class=\"has-text-align-center\">Nous accueillons avec plaisir les \u00e9l\u00e8ves de <strong>niveau Cycle II<\/strong>, motiv\u00e9s \u00e0 partager leur passion de la musique, progresser en groupe et participer \u00e0 de beaux projets artistiques.<\/p>\n\n\n\n<p class=\"has-text-align-center\">R\u00e9p\u00e9titions conviviales, r\u00e9pertoire vari\u00e9 et esprit d\u2019\u00e9quipe seront au rendez-vous !<\/p>\n\n\n\n<p class=\"has-text-align-center\">N\u2019h\u00e9sitez pas \u00e0 nous contacter pour plus d\u2019informations ou \u00e0 venir nous rencontrer.<br>Nous serons ravis de vous compter parmi nous ! \ud83c\udfbb\ud83c\udfba<\/p>\n\n\n\n<figure class=\"wp-block-image size-large\"><img loading=\"lazy\" decoding=\"async\" width=\"724\" height=\"1024\" src=\"https:\/\/amc77.org\/wp-content\/uploads\/2026\/04\/affiche-ensemble-orchestral-lancement-724x1024.png\" alt=\"\" class=\"wp-image-2827\" srcset=\"https:\/\/amc77.org\/wp-content\/uploads\/2026\/04\/affiche-ensemble-orchestral-lancement-724x1024.png 724w, https:\/\/amc77.org\/wp-content\/uploads\/2026\/04\/affiche-ensemble-orchestral-lancement-212x300.png 212w, https:\/\/amc77.org\/wp-content\/uploads\/2026\/04\/affiche-ensemble-orchestral-lancement.png 744w\" sizes=\"auto, (max-width: 724px) 85vw, 724px\" \/><\/figure>\n\n\n\n<div class=\"wp-block-group is-nowrap is-layout-flex wp-container-core-group-is-layout-ad2f72ca wp-block-group-is-layout-flex\">\n<p class=\"has-text-align-center has-medium-font-size\"><strong>Retour en images du Concert des Professeurs sur le th\u00e8me \u00ab\u00a0Dr\u00f4les d&rsquo;Oiseaux\u00a0\u00bb<\/strong><\/p>\n\n\n\n<figure class=\"wp-block-image size-large\"><img loading=\"lazy\" decoding=\"async\" width=\"1024\" height=\"769\" src=\"https:\/\/amc77.org\/wp-content\/uploads\/2026\/03\/Concert-07-02-26-Christian-D-32-1024x769.jpg\" alt=\"\" class=\"wp-image-2818\" srcset=\"https:\/\/amc77.org\/wp-content\/uploads\/2026\/03\/Concert-07-02-26-Christian-D-32-1024x769.jpg 1024w, https:\/\/amc77.org\/wp-content\/uploads\/2026\/03\/Concert-07-02-26-Christian-D-32-300x225.jpg 300w, https:\/\/amc77.org\/wp-content\/uploads\/2026\/03\/Concert-07-02-26-Christian-D-32-768x577.jpg 768w, https:\/\/amc77.org\/wp-content\/uploads\/2026\/03\/Concert-07-02-26-Christian-D-32-1536x1153.jpg 1536w, https:\/\/amc77.org\/wp-content\/uploads\/2026\/03\/Concert-07-02-26-Christian-D-32-2048x1537.jpg 2048w, https:\/\/amc77.org\/wp-content\/uploads\/2026\/03\/Concert-07-02-26-Christian-D-32-1200x901.jpg 1200w\" sizes=\"auto, (max-width: 709px) 85vw, (max-width: 909px) 67vw, (max-width: 1362px) 62vw, 840px\" \/><\/figure>\n\n\n\n<figure class=\"wp-block-image size-large\"><img loading=\"lazy\" decoding=\"async\" width=\"1024\" height=\"769\" src=\"https:\/\/amc77.org\/wp-content\/uploads\/2026\/03\/Concert-07-02-26-Christian-D-8-1024x769.jpg\" alt=\"\" class=\"wp-image-2819\" srcset=\"https:\/\/amc77.org\/wp-content\/uploads\/2026\/03\/Concert-07-02-26-Christian-D-8-1024x769.jpg 1024w, https:\/\/amc77.org\/wp-content\/uploads\/2026\/03\/Concert-07-02-26-Christian-D-8-300x225.jpg 300w, https:\/\/amc77.org\/wp-content\/uploads\/2026\/03\/Concert-07-02-26-Christian-D-8-768x577.jpg 768w, https:\/\/amc77.org\/wp-content\/uploads\/2026\/03\/Concert-07-02-26-Christian-D-8-1536x1153.jpg 1536w, https:\/\/amc77.org\/wp-content\/uploads\/2026\/03\/Concert-07-02-26-Christian-D-8-2048x1537.jpg 2048w, https:\/\/amc77.org\/wp-content\/uploads\/2026\/03\/Concert-07-02-26-Christian-D-8-1200x901.jpg 1200w\" sizes=\"auto, (max-width: 709px) 85vw, (max-width: 909px) 67vw, (max-width: 1362px) 62vw, 840px\" \/><\/figure>\n<\/div>\n\n\n\n<div class=\"wp-block-group is-nowrap is-layout-flex wp-container-core-group-is-layout-ad2f72ca wp-block-group-is-layout-flex\">\n<figure class=\"wp-block-image size-large\"><img loading=\"lazy\" decoding=\"async\" width=\"1024\" height=\"769\" src=\"https:\/\/amc77.org\/wp-content\/uploads\/2026\/03\/Concert-07-02-26-Christian-D-17-1024x769.jpg\" alt=\"\" class=\"wp-image-2817\" srcset=\"https:\/\/amc77.org\/wp-content\/uploads\/2026\/03\/Concert-07-02-26-Christian-D-17-1024x769.jpg 1024w, https:\/\/amc77.org\/wp-content\/uploads\/2026\/03\/Concert-07-02-26-Christian-D-17-300x225.jpg 300w, https:\/\/amc77.org\/wp-content\/uploads\/2026\/03\/Concert-07-02-26-Christian-D-17-768x577.jpg 768w, https:\/\/amc77.org\/wp-content\/uploads\/2026\/03\/Concert-07-02-26-Christian-D-17-1536x1153.jpg 1536w, https:\/\/amc77.org\/wp-content\/uploads\/2026\/03\/Concert-07-02-26-Christian-D-17-2048x1537.jpg 2048w, https:\/\/amc77.org\/wp-content\/uploads\/2026\/03\/Concert-07-02-26-Christian-D-17-1200x901.jpg 1200w\" sizes=\"auto, (max-width: 709px) 85vw, (max-width: 909px) 67vw, (max-width: 1362px) 62vw, 840px\" \/><\/figure>\n\n\n\n<figure class=\"wp-block-image size-large\"><img loading=\"lazy\" decoding=\"async\" width=\"1024\" height=\"769\" src=\"https:\/\/amc77.org\/wp-content\/uploads\/2026\/03\/Concert-07-02-26-Christian-D-6-1024x769.jpg\" alt=\"\" class=\"wp-image-2816\" srcset=\"https:\/\/amc77.org\/wp-content\/uploads\/2026\/03\/Concert-07-02-26-Christian-D-6-1024x769.jpg 1024w, https:\/\/amc77.org\/wp-content\/uploads\/2026\/03\/Concert-07-02-26-Christian-D-6-300x225.jpg 300w, https:\/\/amc77.org\/wp-content\/uploads\/2026\/03\/Concert-07-02-26-Christian-D-6-768x577.jpg 768w, https:\/\/amc77.org\/wp-content\/uploads\/2026\/03\/Concert-07-02-26-Christian-D-6-1536x1153.jpg 1536w, https:\/\/amc77.org\/wp-content\/uploads\/2026\/03\/Concert-07-02-26-Christian-D-6-2048x1537.jpg 2048w, https:\/\/amc77.org\/wp-content\/uploads\/2026\/03\/Concert-07-02-26-Christian-D-6-1200x901.jpg 1200w\" sizes=\"auto, (max-width: 709px) 85vw, (max-width: 909px) 67vw, (max-width: 1362px) 62vw, 840px\" \/><\/figure>\n<\/div>\n\n\n\n<div class=\"wp-block-group is-vertical is-layout-flex wp-container-core-group-is-layout-8cf370e7 wp-block-group-is-layout-flex\">\n<div class=\"wp-block-group is-nowrap is-layout-flex wp-container-core-group-is-layout-ad2f72ca wp-block-group-is-layout-flex\">\n<figure class=\"wp-block-image size-large\"><img loading=\"lazy\" decoding=\"async\" width=\"1024\" height=\"769\" src=\"https:\/\/amc77.org\/wp-content\/uploads\/2026\/03\/Concert-07-02-26-Christian-D-30-1024x769.jpg\" alt=\"\" class=\"wp-image-2815\" srcset=\"https:\/\/amc77.org\/wp-content\/uploads\/2026\/03\/Concert-07-02-26-Christian-D-30-1024x769.jpg 1024w, https:\/\/amc77.org\/wp-content\/uploads\/2026\/03\/Concert-07-02-26-Christian-D-30-300x225.jpg 300w, https:\/\/amc77.org\/wp-content\/uploads\/2026\/03\/Concert-07-02-26-Christian-D-30-768x577.jpg 768w, https:\/\/amc77.org\/wp-content\/uploads\/2026\/03\/Concert-07-02-26-Christian-D-30-1536x1153.jpg 1536w, https:\/\/amc77.org\/wp-content\/uploads\/2026\/03\/Concert-07-02-26-Christian-D-30-2048x1537.jpg 2048w, https:\/\/amc77.org\/wp-content\/uploads\/2026\/03\/Concert-07-02-26-Christian-D-30-1200x901.jpg 1200w\" sizes=\"auto, (max-width: 709px) 85vw, (max-width: 909px) 67vw, (max-width: 1362px) 62vw, 840px\" \/><\/figure>\n\n\n\n<figure class=\"wp-block-image size-large\"><img loading=\"lazy\" decoding=\"async\" width=\"1024\" height=\"769\" src=\"https:\/\/amc77.org\/wp-content\/uploads\/2026\/03\/Concert-07-02-26-Christian-D-21-1024x769.jpg\" alt=\"\" class=\"wp-image-2814\" srcset=\"https:\/\/amc77.org\/wp-content\/uploads\/2026\/03\/Concert-07-02-26-Christian-D-21-1024x769.jpg 1024w, https:\/\/amc77.org\/wp-content\/uploads\/2026\/03\/Concert-07-02-26-Christian-D-21-300x225.jpg 300w, https:\/\/amc77.org\/wp-content\/uploads\/2026\/03\/Concert-07-02-26-Christian-D-21-768x577.jpg 768w, https:\/\/amc77.org\/wp-content\/uploads\/2026\/03\/Concert-07-02-26-Christian-D-21-1536x1153.jpg 1536w, https:\/\/amc77.org\/wp-content\/uploads\/2026\/03\/Concert-07-02-26-Christian-D-21-2048x1537.jpg 2048w, https:\/\/amc77.org\/wp-content\/uploads\/2026\/03\/Concert-07-02-26-Christian-D-21-1200x901.jpg 1200w\" sizes=\"auto, (max-width: 709px) 85vw, (max-width: 909px) 67vw, (max-width: 1362px) 62vw, 840px\" \/><\/figure>\n<\/div>\n<\/div>\n\n\n\n<div class=\"wp-block-group is-nowrap is-layout-flex wp-container-core-group-is-layout-ad2f72ca wp-block-group-is-layout-flex\">\n<figure class=\"wp-block-image size-large\"><img loading=\"lazy\" decoding=\"async\" width=\"1024\" height=\"769\" src=\"https:\/\/amc77.org\/wp-content\/uploads\/2026\/03\/Concert-07-02-26-Christian-D-10-1024x769.jpg\" alt=\"\" class=\"wp-image-2813\" srcset=\"https:\/\/amc77.org\/wp-content\/uploads\/2026\/03\/Concert-07-02-26-Christian-D-10-1024x769.jpg 1024w, https:\/\/amc77.org\/wp-content\/uploads\/2026\/03\/Concert-07-02-26-Christian-D-10-300x225.jpg 300w, https:\/\/amc77.org\/wp-content\/uploads\/2026\/03\/Concert-07-02-26-Christian-D-10-768x577.jpg 768w, https:\/\/amc77.org\/wp-content\/uploads\/2026\/03\/Concert-07-02-26-Christian-D-10-1536x1153.jpg 1536w, https:\/\/amc77.org\/wp-content\/uploads\/2026\/03\/Concert-07-02-26-Christian-D-10-2048x1537.jpg 2048w, https:\/\/amc77.org\/wp-content\/uploads\/2026\/03\/Concert-07-02-26-Christian-D-10-1200x901.jpg 1200w\" sizes=\"auto, (max-width: 709px) 85vw, (max-width: 909px) 67vw, (max-width: 1362px) 62vw, 840px\" \/><\/figure>\n\n\n\n<figure class=\"wp-block-image size-large\"><img loading=\"lazy\" decoding=\"async\" width=\"1024\" height=\"769\" src=\"https:\/\/amc77.org\/wp-content\/uploads\/2026\/03\/Concert-07-02-26-Christian-D-24-1024x769.jpg\" alt=\"\" class=\"wp-image-2812\" srcset=\"https:\/\/amc77.org\/wp-content\/uploads\/2026\/03\/Concert-07-02-26-Christian-D-24-1024x769.jpg 1024w, https:\/\/amc77.org\/wp-content\/uploads\/2026\/03\/Concert-07-02-26-Christian-D-24-300x225.jpg 300w, https:\/\/amc77.org\/wp-content\/uploads\/2026\/03\/Concert-07-02-26-Christian-D-24-768x577.jpg 768w, https:\/\/amc77.org\/wp-content\/uploads\/2026\/03\/Concert-07-02-26-Christian-D-24-1536x1153.jpg 1536w, https:\/\/amc77.org\/wp-content\/uploads\/2026\/03\/Concert-07-02-26-Christian-D-24-2048x1537.jpg 2048w, https:\/\/amc77.org\/wp-content\/uploads\/2026\/03\/Concert-07-02-26-Christian-D-24-1200x901.jpg 1200w\" sizes=\"auto, (max-width: 709px) 85vw, (max-width: 909px) 67vw, (max-width: 1362px) 62vw, 840px\" \/><\/figure>\n<\/div>\n\n\n\n<div class=\"wp-block-group is-nowrap is-layout-flex wp-container-core-group-is-layout-ad2f72ca wp-block-group-is-layout-flex\">\n<figure class=\"wp-block-image size-large\"><img loading=\"lazy\" decoding=\"async\" width=\"1024\" height=\"769\" src=\"https:\/\/amc77.org\/wp-content\/uploads\/2026\/03\/Concert-07-02-26-Christian-D-15-1024x769.jpg\" alt=\"\" class=\"wp-image-2811\" srcset=\"https:\/\/amc77.org\/wp-content\/uploads\/2026\/03\/Concert-07-02-26-Christian-D-15-1024x769.jpg 1024w, https:\/\/amc77.org\/wp-content\/uploads\/2026\/03\/Concert-07-02-26-Christian-D-15-300x225.jpg 300w, https:\/\/amc77.org\/wp-content\/uploads\/2026\/03\/Concert-07-02-26-Christian-D-15-768x577.jpg 768w, https:\/\/amc77.org\/wp-content\/uploads\/2026\/03\/Concert-07-02-26-Christian-D-15-1536x1153.jpg 1536w, https:\/\/amc77.org\/wp-content\/uploads\/2026\/03\/Concert-07-02-26-Christian-D-15-2048x1537.jpg 2048w, https:\/\/amc77.org\/wp-content\/uploads\/2026\/03\/Concert-07-02-26-Christian-D-15-1200x901.jpg 1200w\" sizes=\"auto, (max-width: 709px) 85vw, (max-width: 909px) 67vw, (max-width: 1362px) 62vw, 840px\" \/><\/figure>\n\n\n\n<figure class=\"wp-block-image size-large\"><img loading=\"lazy\" decoding=\"async\" width=\"1024\" height=\"769\" src=\"https:\/\/amc77.org\/wp-content\/uploads\/2026\/03\/Concert-07-02-26-Christian-D-33-1024x769.jpg\" alt=\"\" class=\"wp-image-2810\" srcset=\"https:\/\/amc77.org\/wp-content\/uploads\/2026\/03\/Concert-07-02-26-Christian-D-33-1024x769.jpg 1024w, https:\/\/amc77.org\/wp-content\/uploads\/2026\/03\/Concert-07-02-26-Christian-D-33-300x225.jpg 300w, https:\/\/amc77.org\/wp-content\/uploads\/2026\/03\/Concert-07-02-26-Christian-D-33-768x577.jpg 768w, https:\/\/amc77.org\/wp-content\/uploads\/2026\/03\/Concert-07-02-26-Christian-D-33-1536x1153.jpg 1536w, https:\/\/amc77.org\/wp-content\/uploads\/2026\/03\/Concert-07-02-26-Christian-D-33-2048x1537.jpg 2048w, https:\/\/amc77.org\/wp-content\/uploads\/2026\/03\/Concert-07-02-26-Christian-D-33-1200x901.jpg 1200w\" sizes=\"auto, (max-width: 709px) 85vw, (max-width: 909px) 67vw, (max-width: 1362px) 62vw, 840px\" \/><\/figure>\n<\/div>\n\n\n\n<div class=\"wp-block-group is-nowrap is-layout-flex wp-container-core-group-is-layout-ad2f72ca wp-block-group-is-layout-flex\">\n<figure class=\"wp-block-image size-large is-resized\"><img loading=\"lazy\" decoding=\"async\" width=\"683\" height=\"1024\" src=\"https:\/\/amc77.org\/wp-content\/uploads\/2026\/03\/Concert-07-02-26-Nathalie-M-26-683x1024.jpg\" alt=\"\" class=\"wp-image-2809\" style=\"aspect-ratio:0.6670085526642293;width:311px;height:auto\" srcset=\"https:\/\/amc77.org\/wp-content\/uploads\/2026\/03\/Concert-07-02-26-Nathalie-M-26-683x1024.jpg 683w, https:\/\/amc77.org\/wp-content\/uploads\/2026\/03\/Concert-07-02-26-Nathalie-M-26-200x300.jpg 200w, https:\/\/amc77.org\/wp-content\/uploads\/2026\/03\/Concert-07-02-26-Nathalie-M-26-768x1152.jpg 768w, https:\/\/amc77.org\/wp-content\/uploads\/2026\/03\/Concert-07-02-26-Nathalie-M-26-1024x1536.jpg 1024w, https:\/\/amc77.org\/wp-content\/uploads\/2026\/03\/Concert-07-02-26-Nathalie-M-26-1365x2048.jpg 1365w, https:\/\/amc77.org\/wp-content\/uploads\/2026\/03\/Concert-07-02-26-Nathalie-M-26-1200x1800.jpg 1200w, https:\/\/amc77.org\/wp-content\/uploads\/2026\/03\/Concert-07-02-26-Nathalie-M-26-scaled.jpg 1707w\" sizes=\"auto, (max-width: 683px) 85vw, 683px\" \/><\/figure>\n\n\n\n<p><strong>Remerciements aux photographes du Club Photo 8e Art &#8211; Fontainebleau<\/strong><\/p>\n<\/div>\n\n\n\n<p><\/p>\n\n\n\n<p class=\"has-text-align-center has-large-font-size\">Rentr\u00e9e 2026-2027<\/p>\n\n\n\n<figure class=\"wp-block-image size-large\"><img loading=\"lazy\" decoding=\"async\" width=\"724\" height=\"1024\" src=\"https:\/\/amc77.org\/wp-content\/uploads\/2026\/04\/Affiche-accordeon-724x1024.png\" alt=\"\" class=\"wp-image-2832\" srcset=\"https:\/\/amc77.org\/wp-content\/uploads\/2026\/04\/Affiche-accordeon-724x1024.png 724w, https:\/\/amc77.org\/wp-content\/uploads\/2026\/04\/Affiche-accordeon-212x300.png 212w, https:\/\/amc77.org\/wp-content\/uploads\/2026\/04\/Affiche-accordeon.png 744w\" sizes=\"auto, (max-width: 724px) 85vw, 724px\" \/><\/figure>\n\n\n\n<p class=\"has-text-align-center has-bright-red-color has-text-color has-link-color has-large-font-size wp-elements-36dd44b19b08c54522f4fcd7f60b73a9\">RAPPEL <\/p>\n\n\n\n<div class=\"wp-block-group is-nowrap is-layout-flex wp-container-core-group-is-layout-ad2f72ca wp-block-group-is-layout-flex\"><div class=\"wp-block-image\">\n<figure class=\"aligncenter size-full is-resized\"><img loading=\"lazy\" decoding=\"async\" width=\"744\" height=\"1052\" src=\"https:\/\/amc77.org\/wp-content\/uploads\/2025\/05\/affiche-chant-lyrique-jazz-1.png\" alt=\"\" class=\"wp-image-2635\" style=\"width:316px;height:auto\" srcset=\"https:\/\/amc77.org\/wp-content\/uploads\/2025\/05\/affiche-chant-lyrique-jazz-1.png 744w, https:\/\/amc77.org\/wp-content\/uploads\/2025\/05\/affiche-chant-lyrique-jazz-1-212x300.png 212w, https:\/\/amc77.org\/wp-content\/uploads\/2025\/05\/affiche-chant-lyrique-jazz-1-724x1024.png 724w\" sizes=\"auto, (max-width: 744px) 85vw, 744px\" \/><\/figure>\n<\/div>\n\n\n<figure class=\"wp-block-image size-large\"><img loading=\"lazy\" decoding=\"async\" width=\"724\" height=\"1024\" src=\"https:\/\/amc77.org\/wp-content\/uploads\/2025\/09\/affiche-percussions-africaines-724x1024.png\" alt=\"\" class=\"wp-image-2687\" srcset=\"https:\/\/amc77.org\/wp-content\/uploads\/2025\/09\/affiche-percussions-africaines-724x1024.png 724w, https:\/\/amc77.org\/wp-content\/uploads\/2025\/09\/affiche-percussions-africaines-212x300.png 212w, https:\/\/amc77.org\/wp-content\/uploads\/2025\/09\/affiche-percussions-africaines.png 744w\" sizes=\"auto, (max-width: 724px) 85vw, 724px\" \/><\/figure>\n<\/div>\n\n\n\n<p class=\"has-dark-gray-color has-text-color has-link-color has-large-font-size wp-elements-e83d77c0fd320a6116874ec72d41ba54\"><\/p>\n\n\n\n<figure class=\"wp-block-image size-full\"><img loading=\"lazy\" decoding=\"async\" width=\"747\" height=\"127\" src=\"https:\/\/amc77.org\/wp-content\/uploads\/2024\/05\/Sans-titre.png\" alt=\"\" class=\"wp-image-2383\" srcset=\"https:\/\/amc77.org\/wp-content\/uploads\/2024\/05\/Sans-titre.png 747w, https:\/\/amc77.org\/wp-content\/uploads\/2024\/05\/Sans-titre-300x51.png 300w\" sizes=\"auto, (max-width: 747px) 85vw, 747px\" \/><\/figure>\n\n\n\n<p class=\"has-text-align-center has-large-font-size\"><strong>INSCRIPTIONS 2026-202<\/strong>7<\/p>\n\n\n\n<p><\/p>\n\n\n\n<div class=\"wp-block-group is-nowrap is-layout-flex wp-container-core-group-is-layout-ad2f72ca wp-block-group-is-layout-flex\">\n<div class=\"wp-block-group is-nowrap is-layout-flex wp-container-core-group-is-layout-ad2f72ca wp-block-group-is-layout-flex\">\n<figure class=\"wp-block-image size-large\"><img loading=\"lazy\" decoding=\"async\" width=\"724\" height=\"1024\" src=\"https:\/\/amc77.org\/wp-content\/uploads\/2026\/04\/affiche-ensembles-ateliers-2026-2027-724x1024.png\" alt=\"\" class=\"wp-image-2833\" srcset=\"https:\/\/amc77.org\/wp-content\/uploads\/2026\/04\/affiche-ensembles-ateliers-2026-2027-724x1024.png 724w, https:\/\/amc77.org\/wp-content\/uploads\/2026\/04\/affiche-ensembles-ateliers-2026-2027-212x300.png 212w, https:\/\/amc77.org\/wp-content\/uploads\/2026\/04\/affiche-ensembles-ateliers-2026-2027.png 744w\" sizes=\"auto, (max-width: 724px) 85vw, 724px\" \/><\/figure>\n<\/div>\n\n\n\n<figure class=\"wp-block-image size-large\"><img loading=\"lazy\" decoding=\"async\" width=\"724\" height=\"1024\" src=\"https:\/\/amc77.org\/wp-content\/uploads\/2025\/09\/affiche-cours-individuels-2025-724x1024.png\" alt=\"\" class=\"wp-image-2691\" srcset=\"https:\/\/amc77.org\/wp-content\/uploads\/2025\/09\/affiche-cours-individuels-2025-724x1024.png 724w, https:\/\/amc77.org\/wp-content\/uploads\/2025\/09\/affiche-cours-individuels-2025-212x300.png 212w, https:\/\/amc77.org\/wp-content\/uploads\/2025\/09\/affiche-cours-individuels-2025.png 744w\" sizes=\"auto, (max-width: 724px) 85vw, 724px\" \/><\/figure>\n<\/div>\n\n\n\n<p class=\"has-text-align-center has-medium-font-size\">Le secr\u00e9tariat est ouvert du lundi au vendredi de 14h00 \u00e0 19h00 et le mercredi de 9h00 \u00e0 12h00<\/p>\n\n\n\n<p class=\"has-text-align-center\"><\/p>\n\n\n\n<center>\n\n\n<a href=\"https:\/\/amc77.org\/wp-content\/uploads\/2026\/04\/Plaquette-ateliers-page_page-2026.pdf\" class=\"pdfemb-viewer\" style=\"width:700px;height:700px;\" data-width=\"700\" data-height=\"700\" data-toolbar=\"both\" data-toolbar-fixed=\"on\">Plaquette-ateliers-page_page-2026<\/a>\n\n<div class=\"\"><a href=\"https:\/\/amc77.org\/wp-content\/uploads\/2026\/04\/Plaquette-ateliers-page_page-2026.pdf(ouvre%20un%20nouvel%20onglet)\" target=\"_self\" class=\"emd_dl_blue_three\" download>T\u00e9l\u00e9chargement<\/a><\/div>    <style>            \r\n    .emd_dl_blue_three {\r\n        -moz-box-shadow:inset 0px 1px 0px 0px #bee2f9;\r\n        -webkit-box-shadow:inset 0px 1px 0px 0px #bee2f9;\r\n        box-shadow:inset 0px 1px 0px 0px #bee2f9;\r\n        background:-webkit-gradient( linear, left top, left bottom, color-stop(0.05, #63b8ee), color-stop(1, #468ccf) );\r\n        background:-moz-linear-gradient( center top, #63b8ee 5%, #468ccf 100% );\r\n        filter:progid:DXImageTransform.Microsoft.gradient(startColorstr='#63b8ee', endColorstr='#468ccf');\r\n        background-color:#63b8ee;\r\n        -webkit-border-top-left-radius:0px;\r\n        -moz-border-radius-topleft:0px;\r\n        border-top-left-radius:0px;\r\n        -webkit-border-top-right-radius:0px;\r\n        -moz-border-radius-topright:0px;\r\n        border-top-right-radius:0px;\r\n        -webkit-border-bottom-right-radius:0px;\r\n        -moz-border-radius-bottomright:0px;\r\n        border-bottom-right-radius:0px;\r\n        -webkit-border-bottom-left-radius:0px;\r\n        -moz-border-radius-bottomleft:0px;\r\n        border-bottom-left-radius:0px;\r\n        text-indent:0;\r\n        border:1px solid #3866a3;\r\n        display:inline-block;\r\n        color:#14396a !important;\r\n        font-family:Georgia;\r\n        font-size:15px;\r\n        font-weight:bold;\r\n        font-style:normal;\r\n        height:41px;\r\n        line-height:41px;\r\n        width:153px;\r\n        text-decoration:none;\r\n        text-align:center;\r\n        text-shadow:1px 1px 0px #7cacde;\r\n    }\r\n    .emd_dl_blue_three:hover {\r\n        background:-webkit-gradient( linear, left top, left bottom, color-stop(0.05, #468ccf), color-stop(1, #63b8ee) );\r\n        background:-moz-linear-gradient( center top, #468ccf 5%, #63b8ee 100% );\r\n        filter:progid:DXImageTransform.Microsoft.gradient(startColorstr='#468ccf', endColorstr='#63b8ee');\r\n        background-color:#468ccf;\r\n    }.emd_dl_blue_three:active {\r\n        position:relative;\r\n        top:1px;\r\n    }<\/style>\n\n\n\n<\/center>\n\n\n\n<p><\/p>\n\n\n\n<center>\n\n\n<a href=\"https:\/\/amc77.org\/wp-content\/uploads\/2026\/04\/Plaquette-Cursus-page_page-2026-2027.pdf\" class=\"pdfemb-viewer\" style=\"width:700px;height:700px;\" data-width=\"700\" data-height=\"700\" data-toolbar=\"both\" data-toolbar-fixed=\"on\">Plaquette-Cursus-page_page-2026-2027<\/a>\n\n<div class=\"\"><a href=\"https:\/\/amc77.org\/wp-content\/uploads\/2026\/04\/Plaquette-Cursus-page_page-2026-2027.pdf\" target=\"_self\" class=\"emd_dl_blue_three\" download>T\u00e9l\u00e9chargement<\/a><\/div>    <style>            \r\n    .emd_dl_blue_three {\r\n        -moz-box-shadow:inset 0px 1px 0px 0px #bee2f9;\r\n        -webkit-box-shadow:inset 0px 1px 0px 0px #bee2f9;\r\n        box-shadow:inset 0px 1px 0px 0px #bee2f9;\r\n        background:-webkit-gradient( linear, left top, left bottom, color-stop(0.05, #63b8ee), color-stop(1, #468ccf) );\r\n        background:-moz-linear-gradient( center top, #63b8ee 5%, #468ccf 100% );\r\n        filter:progid:DXImageTransform.Microsoft.gradient(startColorstr='#63b8ee', endColorstr='#468ccf');\r\n        background-color:#63b8ee;\r\n        -webkit-border-top-left-radius:0px;\r\n        -moz-border-radius-topleft:0px;\r\n        border-top-left-radius:0px;\r\n        -webkit-border-top-right-radius:0px;\r\n        -moz-border-radius-topright:0px;\r\n        border-top-right-radius:0px;\r\n        -webkit-border-bottom-right-radius:0px;\r\n        -moz-border-radius-bottomright:0px;\r\n        border-bottom-right-radius:0px;\r\n        -webkit-border-bottom-left-radius:0px;\r\n        -moz-border-radius-bottomleft:0px;\r\n        border-bottom-left-radius:0px;\r\n        text-indent:0;\r\n        border:1px solid #3866a3;\r\n        display:inline-block;\r\n        color:#14396a !important;\r\n        font-family:Georgia;\r\n        font-size:15px;\r\n        font-weight:bold;\r\n        font-style:normal;\r\n        height:41px;\r\n        line-height:41px;\r\n        width:153px;\r\n        text-decoration:none;\r\n        text-align:center;\r\n        text-shadow:1px 1px 0px #7cacde;\r\n    }\r\n    .emd_dl_blue_three:hover {\r\n        background:-webkit-gradient( linear, left top, left bottom, color-stop(0.05, #468ccf), color-stop(1, #63b8ee) );\r\n        background:-moz-linear-gradient( center top, #468ccf 5%, #63b8ee 100% );\r\n        filter:progid:DXImageTransform.Microsoft.gradient(startColorstr='#468ccf', endColorstr='#63b8ee');\r\n        background-color:#468ccf;\r\n    }.emd_dl_blue_three:active {\r\n        position:relative;\r\n        top:1px;\r\n    }<\/style>\n\n\n\n<\/center>\n","protected":false},"excerpt":{"rendered":"<p>Bonnes vacances \u00e0 tous ! \ud83c\udfb6 Rejoignez notre ensemble orchestral ! \ud83c\udfb6 Vous \u00eates musicien(ne) et souhaitez vivre une exp\u00e9rience collective enrichissante ? Nous accueillons avec plaisir les \u00e9l\u00e8ves de niveau Cycle II, motiv\u00e9s \u00e0 partager leur passion de la musique, progresser en groupe et participer \u00e0 de beaux projets artistiques. R\u00e9p\u00e9titions conviviales, r\u00e9pertoire vari\u00e9 &hellip; <a href=\"https:\/\/amc77.org\/\" class=\"more-link\">Continuer la lecture<span class=\"screen-reader-text\"> de &laquo;&nbsp;&nbsp;&raquo;<\/span><\/a><\/p>\n","protected":false},"author":1,"featured_media":2334,"parent":0,"menu_order":0,"comment_status":"closed","ping_status":"closed","template":"","meta":{"footnotes":""},"class_list":["post-23","page","type-page","status-publish","has-post-thumbnail","hentry"],"_links":{"self":[{"href":"https:\/\/amc77.org\/index.php\/wp-json\/wp\/v2\/pages\/23","targetHints":{"allow":["GET"]}}],"collection":[{"href":"https:\/\/amc77.org\/index.php\/wp-json\/wp\/v2\/pages"}],"about":[{"href":"https:\/\/amc77.org\/index.php\/wp-json\/wp\/v2\/types\/page"}],"author":[{"embeddable":true,"href":"https:\/\/amc77.org\/index.php\/wp-json\/wp\/v2\/users\/1"}],"replies":[{"embeddable":true,"href":"https:\/\/amc77.org\/index.php\/wp-json\/wp\/v2\/comments?post=23"}],"version-history":[{"count":307,"href":"https:\/\/amc77.org\/index.php\/wp-json\/wp\/v2\/pages\/23\/revisions"}],"predecessor-version":[{"id":2885,"href":"https:\/\/amc77.org\/index.php\/wp-json\/wp\/v2\/pages\/23\/revisions\/2885"}],"wp:featuredmedia":[{"embeddable":true,"href":"https:\/\/amc77.org\/index.php\/wp-json\/wp\/v2\/media\/2334"}],"wp:attachment":[{"href":"https:\/\/amc77.org\/index.php\/wp-json\/wp\/v2\/media?parent=23"}],"curies":[{"name":"wp","href":"https:\/\/api.w.org\/{rel}","templated":true}]}}